{"id":768,"date":"2020-10-26T15:53:16","date_gmt":"2020-10-26T14:53:16","guid":{"rendered":"https:\/\/chateaudemarvivo.fr\/?page_id=768"},"modified":"2023-01-18T18:22:39","modified_gmt":"2023-01-18T17:22:39","slug":"reservation","status":"publish","type":"page","link":"https:\/\/chateaudemarvivo.fr\/?page_id=768","title":{"rendered":"R\u00e9servation, tarifs et contacts"},"content":{"rendered":"\n<div class=\"wp-block-columns is-layout-flex wp-container-core-columns-is-layout-9d6595d7 wp-block-columns-is-layout-flex\">\n<div class=\"wp-block-column is-layout-flow wp-block-column-is-layout-flow\" style=\"flex-basis:22.6%\">\n<p><\/p>\n<\/div>\n\n\n\n<div class=\"wp-block-column is-layout-flow wp-block-column-is-layout-flow\" style=\"flex-basis:50%\">\n<p class=\"has-text-align-center\">Le ch\u00e2teau se loue dans son int\u00e9gralit\u00e9, pour des locations saisonni\u00e8res, des \u00e9v\u00e9nements familiaux, des s\u00e9minaires d\u2019entreprise, ou encore des s\u00e9jours de retraites, yoga et m\u00e9ditation.<\/p>\n\n\n\n<p class=\"has-text-align-center\">Tarifs \u00e0 partir de 1.650 euros TTC la nuit\u00e9e.<\/p>\n\n\n\n<p class=\"has-text-align-center\">N\u2019h\u00e9sitez pas \u00e0 nous contacter si vous souhaitez plus d\u2019informations sur le ch\u00e2teau, les tarifs, ou encore les disponibilit\u00e9s.<\/p>\n\n\n\n<p class=\"has-text-align-center has-cyan-bluish-gray-color has-text-color\">\ud83d\udcde 06 80 23 49 18<\/p>\n\n\n\n<p class=\"has-text-align-center has-cyan-bluish-gray-color has-text-color\">\u2709\ufe0f chateaudemarvivo@gmail.com<\/p>\n\n\n\n<p class=\"has-text-align-center has-cyan-bluish-gray-color has-text-color\"><em>Ou formulaire de contact ci-dessous<\/em><\/p>\n<\/div>\n\n\n\n<div class=\"wp-block-column is-layout-flow wp-block-column-is-layout-flow\" style=\"flex-basis:3.5%\">\n<p><\/p>\n<\/div>\n<\/div>\n\n\n\n<div class=\"wp-block-booking-booking\"><\/div>\n\n\n\n<div class=\"wp-block-booking-booking\"> <div id=\"form_id1628200801472\" class=\"wpbc_container wpbc_form wpbc_container_booking_form \" ><form id=\"booking_form1\" class=\"booking_form vertical\" method=\"post\" action=\"\"><div id=\"ajax_respond_insert1\" class=\"ajax_respond_insert\" style=\"display:none;\"><\/div><a name=\"bklnk1\" id=\"bklnk1\"><\/a><div id=\"booking_form_div1\" class=\"booking_form_div\"><style type=\"text\/css\">.wpbc_container_booking_form .block_hints, .wpbc_booking_form_simple.wpbc_form_center .wpbc__form__div .wpbc__row.wpbc_r_calendar, .wpbc_booking_form_simple .wpbc__form__div .wpbc__row:not(.wpbc_r_calendar){max-width:440px;} <\/style>\n<div class=\"wpbc_booking_form_simple \">\n<div class=\"wpbc__form__div\">\n\t\t\t<div class=\"wpbc_r_calendar wpbc__row\">\n\t\t\t\t<div class=\"wpbc_r_calendar wpbc__field\"> <label><\/label><br><div class=\"wpbc_calendar_wraper wpbc_change_over_triangle wpbc_calendar_skin_legacy\"><div class=\"wpbc_cal_container bk_calendar_frame wpbc_no_custom_width  months_num_in_row_ cal_month_num_2 wpbc_timeslot_day_bg_as_available\" style=\"\"><div id=\"calendar_booking1\"  class=\"wpbc_calendar_id_1\" >\t<div class=\"calendar_loader_frame calendar_loader_frame1\"\r\n\t\tdata-wpbc-rid=\"1\"\r\n\t\tdata-wpbc-grace=\"8000\"\r\n\t\tstyle=\"--wpbc-loader-cols: 2;\"\r\n\t>\r\n\t\t<div class=\"calendar_loader_text\">Loading...<\/div>\r\n\t\t<div class=\"calendar_loader_frame__progress_line_container\">\r\n\t\t\t<div class=\"calendar_loader_frame__progress_line\"><\/div>\r\n\t\t<\/div>\r\n\t<\/div>\r\n\t<\/div><\/div><div style=\"font-size:7px;text-align:left;margin:0 0 10px;text-shadow: none;\">Powered by <a href=\"https:\/\/wpbookingcalendar.com\" style=\"font-size:7px;\" target=\"_blank\" title=\"Booking Calendar plugin for WordPress\">Booking Calendar<\/a><\/div><textarea id=\"date_booking1\" name=\"date_booking1\" autocomplete=\"off\" style=\"display:none;\"><\/textarea><\/div> <\/div>\n\t\t\t<\/div>\n\t\t\t<div class=\"wpbc__row\">\n\t\t\t\t<div class=\"wpbc_r_name wpbc__field\"> <label>Nom*<\/label><br><span class=\"wpbc_wrap_text wpdev-form-control-wrap name1\"><input type=\"text\" name=\"name1\" value=\"\" autocomplete=\"name\" class=\"wpdev-validates-as-required\" size=\"40\" \/><\/span> <\/div>\n\t\t\t<\/div>\n\t\t\t<div class=\"wpbc__row\">\n\t\t\t\t<div class=\"wpbc_r_secondname wpbc__field\"> <label>Pr\u00e9nom*<\/label><br><span class=\"wpbc_wrap_text wpdev-form-control-wrap secondname1\"><input type=\"text\" name=\"secondname1\" value=\"\" autocomplete=\"secondname\" class=\"wpdev-validates-as-required\" size=\"40\" \/><\/span> <\/div>\n\t\t\t<\/div>\n\t\t\t<div class=\"wpbc__row\">\n\t\t\t\t<div class=\"wpbc_r_email wpbc__field\"> <label>Email*<\/label><br><span class=\"wpbc_wrap_text wpdev-form-control-wrap email1\"><input type=\"email\" name=\"email1\" value=\"\" autocomplete=\"email\" class=\"wpdev-validates-as-email wpdev-validates-as-required\" size=\"40\" \/><\/span> <\/div>\n\t\t\t<\/div>\n\t\t\t<div class=\"wpbc__row\">\n\t\t\t\t<div class=\"wpbc_r_phone wpbc__field\"> <label>T\u00e9l\u00e9phone<\/label><br><span class=\"wpbc_wrap_text wpdev-form-control-wrap phone1\"><input type=\"text\" name=\"phone1\" value=\"\" autocomplete=\"phone\" size=\"40\" \/><\/span> <\/div>\n\t\t\t<\/div>\n\t\t\t<div class=\"wpbc__row\">\n\t\t\t\t<div class=\"wpbc_r_details wpbc__field\"> <label>Demande<\/label><br><span class=\"wpbc_wrap_textarea wpdev-form-control-wrap details1\"><textarea name=\"details1\" autocomplete=\"details\"><\/textarea><\/span> <\/div>\n\t\t\t<\/div>\n\t\t\t<div class=\"wpbc__row\">\n\t\t\t\t<div class=\"wpbc_r_captcha wpbc__field\"> <label><\/label><br><span class=\"wpbc_text_captcha_container wpdev-form-control-wrap \"><input  autocomplete=\"off\" type=\"hidden\" name=\"wpdev_captcha_challenge_1\"  id=\"wpdev_captcha_challenge_1\" value=\"2986928757\" \/><input  autocomplete=\"off\" type=\"text\" class=\"captachinput\" value=\"\" name=\"captcha_input1\" id=\"captcha_input1\" \/><img decoding=\"async\" class=\"captcha_img\"  id=\"captcha_img1\" alt=\"To show CAPTCHA, please deactivate cache plugin or exclude this page from caching or disable CAPTCHA at WP Booking Calendar - Settings General page in Form Options section.\" src=\"https:\/\/chateaudemarvivo.fr\/wp-content\/plugins\/booking\/js\/captcha\/tmp\/2986928757.png\" \/><\/span> <\/div>\n\t\t\t<\/div>\n\t\t\t<div class=\"wpbc__row\">\n\t\t\t\t<div class=\"wpbc_r_submit wpbc__field\"><input type=\"button\" value=\"Envoyer\" class=\"wpbc_button_light  btn btn\" onclick=\"wpbc_booking_form_submit(this.form,1, 'fr_FR');\" \/> <\/div>\n\t\t\t<\/div>\n<\/div>\n<\/div><input id=\"bk_type1\" name=\"bk_type1\" class=\"\" type=\"hidden\" value=\"1\" \/><\/div><div id=\"submiting1\"><\/div><div class=\"form_bk_messages\" id=\"form_bk_messages1\" ><\/div><input type=\"hidden\" id=\"wpbc_nonceCALCULATE_THE_COST1\" name=\"wpbc_nonceCALCULATE_THE_COST1\" value=\"29dbfc4003\" \/><input type=\"hidden\" name=\"_wp_http_referer\" value=\"\/index.php?rest_route=%2Fwp%2Fv2%2Fpages%2F768\" \/><\/form><\/div><div id=\"booking_form_garbage1\" class=\"booking_form_garbage\"><\/div> <\/div>\n\n\n\n<div class=\"wp-block-columns is-layout-flex wp-container-core-columns-is-layout-9d6595d7 wp-block-columns-is-layout-flex\">\n<div class=\"wp-block-column is-layout-flow wp-block-column-is-layout-flow\" style=\"flex-basis:25%\"><\/div>\n\n\n\n<div class=\"wp-block-column is-layout-flow wp-block-column-is-layout-flow\" style=\"flex-basis:50%\"><\/div>\n\n\n\n<div class=\"wp-block-column is-layout-flow wp-block-column-is-layout-flow\" style=\"flex-basis:25%\"><\/div>\n<\/div>\n","protected":false},"excerpt":{"rendered":"<p>Le ch\u00e2teau se loue dans son int\u00e9gralit\u00e9, pour des locations saisonni\u00e8res, des \u00e9v\u00e9nements familiaux, des s\u00e9minaires d\u2019entreprise, ou encore des s\u00e9jours de retraites, yoga et m\u00e9ditation. Tarifs \u00e0 partir de 1.650 euros TTC la nuit\u00e9e. N\u2019h\u00e9sitez pas \u00e0 nous contacter si vous souhaitez plus d\u2019informations sur le ch\u00e2teau, les tarifs, ou encore les disponibilit\u00e9s. \ud83d\udcde [&hellip;]<\/p>\n","protected":false},"author":1,"featured_media":0,"parent":0,"menu_order":0,"comment_status":"closed","ping_status":"closed","template":"","meta":{"footnotes":""},"class_list":["post-768","page","type-page","status-publish","hentry"],"yoast_head":"<!-- This site is optimized with the Yoast SEO plugin v27.2 - https:\/\/yoast.com\/product\/yoast-seo-wordpress\/ -->\n<title>R\u00e9servation, tarifs et contacts - Ch\u00e2teau de Mar-Vivo<\/title>\n<meta name=\"robots\" content=\"index, follow, max-snippet:-1, max-image-preview:large, max-video-preview:-1\" \/>\n<link rel=\"canonical\" href=\"https:\/\/chateaudemarvivo.fr\/?page_id=768\" \/>\n<meta property=\"og:locale\" content=\"fr_FR\" \/>\n<meta property=\"og:type\" content=\"article\" \/>\n<meta property=\"og:title\" content=\"R\u00e9servation, tarifs et contacts - Ch\u00e2teau de Mar-Vivo\" \/>\n<meta property=\"og:description\" content=\"Le ch\u00e2teau se loue dans son int\u00e9gralit\u00e9, pour des locations saisonni\u00e8res, des \u00e9v\u00e9nements familiaux, des s\u00e9minaires d\u2019entreprise, ou encore des s\u00e9jours de retraites, yoga et m\u00e9ditation. Tarifs \u00e0 partir de 1.650 euros TTC la nuit\u00e9e. N\u2019h\u00e9sitez pas \u00e0 nous contacter si vous souhaitez plus d\u2019informations sur le ch\u00e2teau, les tarifs, ou encore les disponibilit\u00e9s. \ud83d\udcde [&hellip;]\" \/>\n<meta property=\"og:url\" content=\"https:\/\/chateaudemarvivo.fr\/?page_id=768\" \/>\n<meta property=\"og:site_name\" content=\"Ch\u00e2teau de Mar-Vivo\" \/>\n<meta property=\"article:modified_time\" content=\"2023-01-18T17:22:39+00:00\" \/>\n<meta name=\"twitter:card\" content=\"summary_large_image\" \/>\n<meta name=\"twitter:label1\" content=\"Dur\u00e9e de lecture estim\u00e9e\" \/>\n\t<meta name=\"twitter:data1\" content=\"1 minute\" \/>\n<script type=\"application\/ld+json\" class=\"yoast-schema-graph\">{\"@context\":\"https:\/\/schema.org\",\"@graph\":[{\"@type\":\"WebPage\",\"@id\":\"https:\/\/chateaudemarvivo.fr\/?page_id=768\",\"url\":\"https:\/\/chateaudemarvivo.fr\/?page_id=768\",\"name\":\"R\u00e9servation, tarifs et contacts - Ch\u00e2teau de Mar-Vivo\",\"isPartOf\":{\"@id\":\"https:\/\/chateaudemarvivo.fr\/#website\"},\"datePublished\":\"2020-10-26T14:53:16+00:00\",\"dateModified\":\"2023-01-18T17:22:39+00:00\",\"breadcrumb\":{\"@id\":\"https:\/\/chateaudemarvivo.fr\/?page_id=768#breadcrumb\"},\"inLanguage\":\"fr-FR\",\"potentialAction\":[{\"@type\":\"ReadAction\",\"target\":[\"https:\/\/chateaudemarvivo.fr\/?page_id=768\"]}]},{\"@type\":\"BreadcrumbList\",\"@id\":\"https:\/\/chateaudemarvivo.fr\/?page_id=768#breadcrumb\",\"itemListElement\":[{\"@type\":\"ListItem\",\"position\":1,\"name\":\"Accueil\",\"item\":\"https:\/\/chateaudemarvivo.fr\/\"},{\"@type\":\"ListItem\",\"position\":2,\"name\":\"R\u00e9servation, tarifs et contacts\"}]},{\"@type\":\"WebSite\",\"@id\":\"https:\/\/chateaudemarvivo.fr\/#website\",\"url\":\"https:\/\/chateaudemarvivo.fr\/\",\"name\":\"Ch\u00e2teau de Mar-Vivo\",\"description\":\"\",\"publisher\":{\"@id\":\"https:\/\/chateaudemarvivo.fr\/#organization\"},\"potentialAction\":[{\"@type\":\"SearchAction\",\"target\":{\"@type\":\"EntryPoint\",\"urlTemplate\":\"https:\/\/chateaudemarvivo.fr\/?s={search_term_string}\"},\"query-input\":{\"@type\":\"PropertyValueSpecification\",\"valueRequired\":true,\"valueName\":\"search_term_string\"}}],\"inLanguage\":\"fr-FR\"},{\"@type\":\"Organization\",\"@id\":\"https:\/\/chateaudemarvivo.fr\/#organization\",\"name\":\"Ch\u00e2teau de Mar-Vivo\",\"url\":\"https:\/\/chateaudemarvivo.fr\/\",\"logo\":{\"@type\":\"ImageObject\",\"inLanguage\":\"fr-FR\",\"@id\":\"https:\/\/chateaudemarvivo.fr\/#\/schema\/logo\/image\/\",\"url\":\"https:\/\/chateaudemarvivo.fr\/wp-content\/uploads\/cropped-1EBF7684-B2B6-4389-8CB5-89C3CC7071A4.jpeg\",\"contentUrl\":\"https:\/\/chateaudemarvivo.fr\/wp-content\/uploads\/cropped-1EBF7684-B2B6-4389-8CB5-89C3CC7071A4.jpeg\",\"width\":250,\"height\":250,\"caption\":\"Ch\u00e2teau de Mar-Vivo\"},\"image\":{\"@id\":\"https:\/\/chateaudemarvivo.fr\/#\/schema\/logo\/image\/\"}}]}<\/script>\n<!-- \/ Yoast SEO plugin. -->","yoast_head_json":{"title":"R\u00e9servation, tarifs et contacts - Ch\u00e2teau de Mar-Vivo","robots":{"index":"index","follow":"follow","max-snippet":"max-snippet:-1","max-image-preview":"max-image-preview:large","max-video-preview":"max-video-preview:-1"},"canonical":"https:\/\/chateaudemarvivo.fr\/?page_id=768","og_locale":"fr_FR","og_type":"article","og_title":"R\u00e9servation, tarifs et contacts - Ch\u00e2teau de Mar-Vivo","og_description":"Le ch\u00e2teau se loue dans son int\u00e9gralit\u00e9, pour des locations saisonni\u00e8res, des \u00e9v\u00e9nements familiaux, des s\u00e9minaires d\u2019entreprise, ou encore des s\u00e9jours de retraites, yoga et m\u00e9ditation. Tarifs \u00e0 partir de 1.650 euros TTC la nuit\u00e9e. N\u2019h\u00e9sitez pas \u00e0 nous contacter si vous souhaitez plus d\u2019informations sur le ch\u00e2teau, les tarifs, ou encore les disponibilit\u00e9s. \ud83d\udcde [&hellip;]","og_url":"https:\/\/chateaudemarvivo.fr\/?page_id=768","og_site_name":"Ch\u00e2teau de Mar-Vivo","article_modified_time":"2023-01-18T17:22:39+00:00","twitter_card":"summary_large_image","twitter_misc":{"Dur\u00e9e de lecture estim\u00e9e":"1 minute"},"schema":{"@context":"https:\/\/schema.org","@graph":[{"@type":"WebPage","@id":"https:\/\/chateaudemarvivo.fr\/?page_id=768","url":"https:\/\/chateaudemarvivo.fr\/?page_id=768","name":"R\u00e9servation, tarifs et contacts - Ch\u00e2teau de Mar-Vivo","isPartOf":{"@id":"https:\/\/chateaudemarvivo.fr\/#website"},"datePublished":"2020-10-26T14:53:16+00:00","dateModified":"2023-01-18T17:22:39+00:00","breadcrumb":{"@id":"https:\/\/chateaudemarvivo.fr\/?page_id=768#breadcrumb"},"inLanguage":"fr-FR","potentialAction":[{"@type":"ReadAction","target":["https:\/\/chateaudemarvivo.fr\/?page_id=768"]}]},{"@type":"BreadcrumbList","@id":"https:\/\/chateaudemarvivo.fr\/?page_id=768#breadcrumb","itemListElement":[{"@type":"ListItem","position":1,"name":"Accueil","item":"https:\/\/chateaudemarvivo.fr\/"},{"@type":"ListItem","position":2,"name":"R\u00e9servation, tarifs et contacts"}]},{"@type":"WebSite","@id":"https:\/\/chateaudemarvivo.fr\/#website","url":"https:\/\/chateaudemarvivo.fr\/","name":"Ch\u00e2teau de Mar-Vivo","description":"","publisher":{"@id":"https:\/\/chateaudemarvivo.fr\/#organization"},"potentialAction":[{"@type":"SearchAction","target":{"@type":"EntryPoint","urlTemplate":"https:\/\/chateaudemarvivo.fr\/?s={search_term_string}"},"query-input":{"@type":"PropertyValueSpecification","valueRequired":true,"valueName":"search_term_string"}}],"inLanguage":"fr-FR"},{"@type":"Organization","@id":"https:\/\/chateaudemarvivo.fr\/#organization","name":"Ch\u00e2teau de Mar-Vivo","url":"https:\/\/chateaudemarvivo.fr\/","logo":{"@type":"ImageObject","inLanguage":"fr-FR","@id":"https:\/\/chateaudemarvivo.fr\/#\/schema\/logo\/image\/","url":"https:\/\/chateaudemarvivo.fr\/wp-content\/uploads\/cropped-1EBF7684-B2B6-4389-8CB5-89C3CC7071A4.jpeg","contentUrl":"https:\/\/chateaudemarvivo.fr\/wp-content\/uploads\/cropped-1EBF7684-B2B6-4389-8CB5-89C3CC7071A4.jpeg","width":250,"height":250,"caption":"Ch\u00e2teau de Mar-Vivo"},"image":{"@id":"https:\/\/chateaudemarvivo.fr\/#\/schema\/logo\/image\/"}}]}},"_links":{"self":[{"href":"https:\/\/chateaudemarvivo.fr\/index.php?rest_route=\/wp\/v2\/pages\/768","targetHints":{"allow":["GET"]}}],"collection":[{"href":"https:\/\/chateaudemarvivo.fr\/index.php?rest_route=\/wp\/v2\/pages"}],"about":[{"href":"https:\/\/chateaudemarvivo.fr\/index.php?rest_route=\/wp\/v2\/types\/page"}],"author":[{"embeddable":true,"href":"https:\/\/chateaudemarvivo.fr\/index.php?rest_route=\/wp\/v2\/users\/1"}],"replies":[{"embeddable":true,"href":"https:\/\/chateaudemarvivo.fr\/index.php?rest_route=%2Fwp%2Fv2%2Fcomments&post=768"}],"version-history":[{"count":24,"href":"https:\/\/chateaudemarvivo.fr\/index.php?rest_route=\/wp\/v2\/pages\/768\/revisions"}],"predecessor-version":[{"id":833,"href":"https:\/\/chateaudemarvivo.fr\/index.php?rest_route=\/wp\/v2\/pages\/768\/revisions\/833"}],"wp:attachment":[{"href":"https:\/\/chateaudemarvivo.fr\/index.php?rest_route=%2Fwp%2Fv2%2Fmedia&parent=768"}],"curies":[{"name":"wp","href":"https:\/\/api.w.org\/{rel}","templated":true}]}}